{"id":38283,"date":"2026-03-20T15:10:14","date_gmt":"2026-03-20T18:10:14","guid":{"rendered":"https:\/\/www.epimedsolutions.com\/?post_type=material_educativo&#038;p=38283"},"modified":"2026-03-20T15:10:14","modified_gmt":"2026-03-20T18:10:14","slug":"que-sabemos-sobre-los-pacientes-en-la-uci-contemporanea","status":"publish","type":"material_educativo","link":"https:\/\/www.epimedsolutions.com\/es\/materiales_educativos\/que-sabemos-sobre-los-pacientes-en-la-uci-contemporanea\/","title":{"rendered":"[Art\u00edculo] \u00bfQu\u00e9 sabemos sobre los pacientes en ventilaci\u00f3n mec\u00e1nica en la UCI contempor\u00e1nea?"},"content":{"rendered":"<img loading=\"lazy\" decoding=\"async\" class=\" wp-image-38290 aligncenter\" src=\"https:\/\/www.epimedsolutions.com\/wp-content\/uploads\/2026\/03\/Post-Que-sabemos-sobre-los-pacientes-en-ventilacion-mecanica-scaled.png\" alt=\"Post-Que-sabemos-sobre-los-pacientes-en-ventilacion-mecanica-scaled.png\" width=\"252\" height=\"315\" srcset=\"https:\/\/www.epimedsolutions.com\/wp-content\/uploads\/2026\/03\/Post-Que-sabemos-sobre-los-pacientes-en-ventilacion-mecanica-scaled.png 2048w, https:\/\/www.epimedsolutions.com\/wp-content\/uploads\/2026\/03\/Post-Que-sabemos-sobre-los-pacientes-en-ventilacion-mecanica-768x960.png 768w, https:\/\/www.epimedsolutions.com\/wp-content\/uploads\/2026\/03\/Post-Que-sabemos-sobre-los-pacientes-en-ventilacion-mecanica-1229x1536.png 1229w, https:\/\/www.epimedsolutions.com\/wp-content\/uploads\/2026\/03\/Post-Que-sabemos-sobre-los-pacientes-en-ventilacion-mecanica-1638x2048.png 1638w\" sizes=\"auto, (max-width: 252px) 100vw, 252px\" \/>\r\n<div>La ventilaci\u00f3n mec\u00e1nica (VM) es una de las principales modalidades de soporte avanzado de vida utilizadas en la terapia intensiva moderna. De acuerdo con la literatura actual, la VM est\u00e1 presente en alrededor del 30% de los ingresos a Unidades de Cuidados Intensivos (UCI) generales. Se trata, al mismo tiempo, de un recurso que salva vidas y de un importante marcador de gravedad cl\u00ednica, consumo de recursos y riesgo de desenlaces desfavorables.<\/div>\r\n<div>En las UCI contempor\u00e1neas, el conocimiento acumulado a partir de grandes registros cl\u00ednicos, estudios observacionales multic\u00e9ntricos y ensayos cl\u00ednicos permite una comprensi\u00f3n m\u00e1s robusta sobre qui\u00e9nes son estos pacientes, cu\u00e1l es el impacto asistencial y econ\u00f3mico de su atenci\u00f3n y cu\u00e1les son sus principales desenlaces.<\/div>\r\n<div><\/div>\r\n<div><strong>Caracter\u00edsticas cl\u00ednicas de los pacientes en ventilaci\u00f3n mec\u00e1nica<\/strong><\/div>\r\n<div>Los pacientes sometidos a ventilaci\u00f3n mec\u00e1nica son, en general, de mayor edad, presentan una mayor carga de comorbilidades y mayor gravedad cl\u00ednica al momento del ingreso a la UCI. Enfermedades cardiovasculares, enfermedades pulmonares cr\u00f3nicas, diabetes mellitus, c\u00e1ncer y condiciones asociadas a la fragilidad son frecuentes en este grupo.<\/div>\r\n<div><\/div>\r\n<div>Las principales indicaciones de VM incluyen insuficiencia respiratoria hipox\u00e9mica \u2014como en casos de neumon\u00eda y s\u00edndrome de dificultad respiratoria aguda (SDRA)\u2014, sepsis, insuficiencia respiratoria hiperc\u00e1pnica, disminuci\u00f3n del nivel de conciencia y estados de choque.<\/div>\r\n<div>En las \u00faltimas d\u00e9cadas, se observa un cambio relevante en el perfil de estos pacientes. Ha aumentado la prevalencia de VM en pacientes m\u00e9dicos (no quir\u00fargicos), especialmente en aquellos con sepsis y neumon\u00eda. Otro aspecto central es la duraci\u00f3n de la ventilaci\u00f3n. Si bien muchos pacientes requieren VM por periodos cortos, un subgrupo significativo, como los pacientes m\u00e9dicos con disfunci\u00f3n org\u00e1nica m\u00faltiple y mayor carga de comorbilidades, evoluciona hacia ventilaci\u00f3n mec\u00e1nica prolongada.<\/div>\r\n<div><\/div>\r\n<div>La VM prolongada se asocia con frecuencia a complicaciones graves relacionadas con la hospitalizaci\u00f3n, como adquisici\u00f3n de infecciones nosocomiales, debilidad muscular adquirida en la UCI, delirium y mayor dependencia funcional despu\u00e9s del egreso hospitalario.<\/div>\r\n<div><\/div>\r\n<div>\r\n<p class=\"has-text-align-left\"><strong>Para leer el material completo, descargue el archivo.<\/strong><\/p>\r\n\r\n<!-- \/wp:post-content --><!-- wp:html -->\r\n<div class=\"wp-block-button aligncenter\"><a class=\"mkdf-btn mkdf-btn-large mkdf-btn-outline mkdf-btn-custom-hover-bg mkdf-btn-custom-border-hover\" style=\"color: #0098da; border-color: #0098da; background-color: rgba(0, 0, 0, 0);\" href=\"https:\/\/email.epimedsolutions.com\/que-sabemos-sobre-los-pacientes-en-ventilacion-mecanica\" target=\"_blank\" rel=\"noreferrer noopener\" data-hover-bg-color=\"#0098da\" data-hover-border-color=\"#0098da\"><span class=\"mkdf-btn-text\">DESCARGUE EL MATERIAL<\/span><\/a><\/div>\r\n<\/div>","protected":false},"excerpt":{"rendered":"<p>La ventilaci\u00f3n mec\u00e1nica (VM) es una de las principales modalidades de soporte avanzado de vida utilizadas en la terapia intensiva moderna. De acuerdo con la literatura actual, la VM est\u00e1 presente en alrededor del 30% de los ingresos a Unidades [&hellip;]<\/p>\n","protected":false},"author":11,"featured_media":38284,"menu_order":0,"comment_status":"open","ping_status":"open","template":"","format":"standard","meta":{"_acf_changed":false,"footnotes":""},"categoria_me":[202],"tag_me":[250],"class_list":["post-38283","material_educativo","type-material_educativo","status-publish","format-standard","has-post-thumbnail","hentry","categoria_me-uti-adulto-es","tag_me-articulos"],"acf":[],"yoast_head":"<!-- This site is optimized with the Yoast SEO plugin v27.2 - https:\/\/yoast.com\/product\/yoast-seo-wordpress\/ -->\r\n<title>\u00bfQu\u00e9 sabemos sobre los pacientes en ventilaci\u00f3n mec\u00e1nica en la UCI contempor\u00e1nea?<\/title>\r\n<meta name=\"description\" content=\"Para leer el material &quot;\u00bfQu\u00e9 sabemos sobre los pacientes en ventilaci\u00f3n mec\u00e1nica en la UCI contempor\u00e1nea?&quot; completo, descargue el archivo.\" \/>\r\n<meta name=\"robots\" content=\"index, follow, max-snippet:-1, max-image-preview:large, max-video-preview:-1\" \/>\r\n<link rel=\"canonical\" href=\"https:\/\/www.epimedsolutions.com\/es\/materiales_educativos\/que-sabemos-sobre-los-pacientes-en-la-uci-contemporanea\/\" \/>\r\n<meta property=\"og:locale\" content=\"es_ES\" \/>\r\n<meta property=\"og:type\" content=\"article\" \/>\r\n<meta property=\"og:title\" content=\"\u00bfQu\u00e9 sabemos sobre los pacientes en ventilaci\u00f3n mec\u00e1nica en la UCI contempor\u00e1nea?\" \/>\r\n<meta property=\"og:description\" content=\"Para leer el material &quot;\u00bfQu\u00e9 sabemos sobre los pacientes en ventilaci\u00f3n mec\u00e1nica en la UCI contempor\u00e1nea?&quot; completo, descargue el archivo.\" \/>\r\n<meta property=\"og:url\" content=\"https:\/\/www.epimedsolutions.com\/es\/materiales_educativos\/que-sabemos-sobre-los-pacientes-en-la-uci-contemporanea\/\" \/>\r\n<meta property=\"og:site_name\" content=\"Epimed Solutions\" \/>\r\n<meta property=\"article:publisher\" content=\"https:\/\/www.facebook.com\/epimed\/\" \/>\r\n<meta property=\"og:image\" content=\"https:\/\/www.epimedsolutions.com\/wp-content\/uploads\/2026\/03\/Site-Que-sabemos-sobre-los-pacientes-en-ventilacion-mecanica.png\" \/>\r\n\t<meta property=\"og:image:width\" content=\"1024\" \/>\r\n\t<meta property=\"og:image:height\" content=\"512\" \/>\r\n\t<meta property=\"og:image:type\" content=\"image\/png\" \/>\r\n<meta name=\"twitter:card\" content=\"summary_large_image\" \/>\r\n<meta name=\"twitter:site\" content=\"@epimed\" \/>\r\n<meta name=\"twitter:label1\" content=\"Tiempo de lectura\" \/>\n\t<meta name=\"twitter:data1\" content=\"3 minutos\" \/>\r\n<script type=\"application\/ld+json\" class=\"yoast-schema-graph\">{\"@context\":\"https:\/\/schema.org\",\"@graph\":[{\"@type\":\"WebPage\",\"@id\":\"https:\/\/www.epimedsolutions.com\/es\/materiales_educativos\/que-sabemos-sobre-los-pacientes-en-la-uci-contemporanea\/\",\"url\":\"https:\/\/www.epimedsolutions.com\/es\/materiales_educativos\/que-sabemos-sobre-los-pacientes-en-la-uci-contemporanea\/\",\"name\":\"\u00bfQu\u00e9 sabemos sobre los pacientes en ventilaci\u00f3n mec\u00e1nica en la UCI contempor\u00e1nea?\",\"isPartOf\":{\"@id\":\"https:\/\/www.epimedsolutions.com\/es\/#website\"},\"primaryImageOfPage\":{\"@id\":\"https:\/\/www.epimedsolutions.com\/es\/materiales_educativos\/que-sabemos-sobre-los-pacientes-en-la-uci-contemporanea\/#primaryimage\"},\"image\":{\"@id\":\"https:\/\/www.epimedsolutions.com\/es\/materiales_educativos\/que-sabemos-sobre-los-pacientes-en-la-uci-contemporanea\/#primaryimage\"},\"thumbnailUrl\":\"https:\/\/www.epimedsolutions.com\/wp-content\/uploads\/2026\/03\/Site-Que-sabemos-sobre-los-pacientes-en-ventilacion-mecanica.png\",\"datePublished\":\"2026-03-20T18:10:14+00:00\",\"description\":\"Para leer el material \\\"\u00bfQu\u00e9 sabemos sobre los pacientes en ventilaci\u00f3n mec\u00e1nica en la UCI contempor\u00e1nea?\\\" completo, descargue el archivo.\",\"breadcrumb\":{\"@id\":\"https:\/\/www.epimedsolutions.com\/es\/materiales_educativos\/que-sabemos-sobre-los-pacientes-en-la-uci-contemporanea\/#breadcrumb\"},\"inLanguage\":\"es\",\"potentialAction\":[{\"@type\":\"ReadAction\",\"target\":[\"https:\/\/www.epimedsolutions.com\/es\/materiales_educativos\/que-sabemos-sobre-los-pacientes-en-la-uci-contemporanea\/\"]}]},{\"@type\":\"ImageObject\",\"inLanguage\":\"es\",\"@id\":\"https:\/\/www.epimedsolutions.com\/es\/materiales_educativos\/que-sabemos-sobre-los-pacientes-en-la-uci-contemporanea\/#primaryimage\",\"url\":\"https:\/\/www.epimedsolutions.com\/wp-content\/uploads\/2026\/03\/Site-Que-sabemos-sobre-los-pacientes-en-ventilacion-mecanica.png\",\"contentUrl\":\"https:\/\/www.epimedsolutions.com\/wp-content\/uploads\/2026\/03\/Site-Que-sabemos-sobre-los-pacientes-en-ventilacion-mecanica.png\",\"width\":1024,\"height\":512,\"caption\":\"Site-Que-sabemos-sobre-los-pacientes-en-ventilacion-mecanica.png\"},{\"@type\":\"BreadcrumbList\",\"@id\":\"https:\/\/www.epimedsolutions.com\/es\/materiales_educativos\/que-sabemos-sobre-los-pacientes-en-la-uci-contemporanea\/#breadcrumb\",\"itemListElement\":[{\"@type\":\"ListItem\",\"position\":1,\"name\":\"In\u00edcio\",\"item\":\"https:\/\/www.epimedsolutions.com\/es\/\"},{\"@type\":\"ListItem\",\"position\":2,\"name\":\"Materiales Educativos\",\"item\":\"https:\/\/www.epimedsolutions.com\/es\/materiales_educativos\/\"},{\"@type\":\"ListItem\",\"position\":3,\"name\":\"[Art\u00edculo] \u00bfQu\u00e9 sabemos sobre los pacientes en ventilaci\u00f3n mec\u00e1nica en la UCI contempor\u00e1nea?\"}]},{\"@type\":\"WebSite\",\"@id\":\"https:\/\/www.epimedsolutions.com\/es\/#website\",\"url\":\"https:\/\/www.epimedsolutions.com\/es\/\",\"name\":\"Epimed Solutions\",\"description\":\"\",\"publisher\":{\"@id\":\"https:\/\/www.epimedsolutions.com\/es\/#organization\"},\"potentialAction\":[{\"@type\":\"SearchAction\",\"target\":{\"@type\":\"EntryPoint\",\"urlTemplate\":\"https:\/\/www.epimedsolutions.com\/es\/?s={search_term_string}\"},\"query-input\":{\"@type\":\"PropertyValueSpecification\",\"valueRequired\":true,\"valueName\":\"search_term_string\"}}],\"inLanguage\":\"es\"},{\"@type\":\"Organization\",\"@id\":\"https:\/\/www.epimedsolutions.com\/es\/#organization\",\"name\":\"Epimed Solutions\",\"url\":\"https:\/\/www.epimedsolutions.com\/es\/\",\"logo\":{\"@type\":\"ImageObject\",\"inLanguage\":\"es\",\"@id\":\"https:\/\/www.epimedsolutions.com\/es\/#\/schema\/logo\/image\/\",\"url\":\"https:\/\/epimedsolutions.com\/wp-content\/uploads\/2020\/04\/logo-epimed-1.png\",\"contentUrl\":\"https:\/\/epimedsolutions.com\/wp-content\/uploads\/2020\/04\/logo-epimed-1.png\",\"width\":400,\"height\":193,\"caption\":\"Epimed Solutions\"},\"image\":{\"@id\":\"https:\/\/www.epimedsolutions.com\/es\/#\/schema\/logo\/image\/\"},\"sameAs\":[\"https:\/\/www.facebook.com\/epimed\/\",\"https:\/\/x.com\/epimed\",\"https:\/\/www.instagram.com\/epimedsolutions\/\",\"https:\/\/www.youtube.com\/user\/epimedsolutions\/\"]}]}<\/script>\r\n<!-- \/ Yoast SEO plugin. -->","yoast_head_json":{"title":"\u00bfQu\u00e9 sabemos sobre los pacientes en ventilaci\u00f3n mec\u00e1nica en la UCI contempor\u00e1nea?","description":"Para leer el material \"\u00bfQu\u00e9 sabemos sobre los pacientes en ventilaci\u00f3n mec\u00e1nica en la UCI contempor\u00e1nea?\" completo, descargue el archivo.","robots":{"index":"index","follow":"follow","max-snippet":"max-snippet:-1","max-image-preview":"max-image-preview:large","max-video-preview":"max-video-preview:-1"},"canonical":"https:\/\/www.epimedsolutions.com\/es\/materiales_educativos\/que-sabemos-sobre-los-pacientes-en-la-uci-contemporanea\/","og_locale":"es_ES","og_type":"article","og_title":"\u00bfQu\u00e9 sabemos sobre los pacientes en ventilaci\u00f3n mec\u00e1nica en la UCI contempor\u00e1nea?","og_description":"Para leer el material \"\u00bfQu\u00e9 sabemos sobre los pacientes en ventilaci\u00f3n mec\u00e1nica en la UCI contempor\u00e1nea?\" completo, descargue el archivo.","og_url":"https:\/\/www.epimedsolutions.com\/es\/materiales_educativos\/que-sabemos-sobre-los-pacientes-en-la-uci-contemporanea\/","og_site_name":"Epimed Solutions","article_publisher":"https:\/\/www.facebook.com\/epimed\/","og_image":[{"width":1024,"height":512,"url":"https:\/\/www.epimedsolutions.com\/wp-content\/uploads\/2026\/03\/Site-Que-sabemos-sobre-los-pacientes-en-ventilacion-mecanica.png","type":"image\/png"}],"twitter_card":"summary_large_image","twitter_site":"@epimed","twitter_misc":{"Tiempo de lectura":"3 minutos"},"schema":{"@context":"https:\/\/schema.org","@graph":[{"@type":"WebPage","@id":"https:\/\/www.epimedsolutions.com\/es\/materiales_educativos\/que-sabemos-sobre-los-pacientes-en-la-uci-contemporanea\/","url":"https:\/\/www.epimedsolutions.com\/es\/materiales_educativos\/que-sabemos-sobre-los-pacientes-en-la-uci-contemporanea\/","name":"\u00bfQu\u00e9 sabemos sobre los pacientes en ventilaci\u00f3n mec\u00e1nica en la UCI contempor\u00e1nea?","isPartOf":{"@id":"https:\/\/www.epimedsolutions.com\/es\/#website"},"primaryImageOfPage":{"@id":"https:\/\/www.epimedsolutions.com\/es\/materiales_educativos\/que-sabemos-sobre-los-pacientes-en-la-uci-contemporanea\/#primaryimage"},"image":{"@id":"https:\/\/www.epimedsolutions.com\/es\/materiales_educativos\/que-sabemos-sobre-los-pacientes-en-la-uci-contemporanea\/#primaryimage"},"thumbnailUrl":"https:\/\/www.epimedsolutions.com\/wp-content\/uploads\/2026\/03\/Site-Que-sabemos-sobre-los-pacientes-en-ventilacion-mecanica.png","datePublished":"2026-03-20T18:10:14+00:00","description":"Para leer el material \"\u00bfQu\u00e9 sabemos sobre los pacientes en ventilaci\u00f3n mec\u00e1nica en la UCI contempor\u00e1nea?\" completo, descargue el archivo.","breadcrumb":{"@id":"https:\/\/www.epimedsolutions.com\/es\/materiales_educativos\/que-sabemos-sobre-los-pacientes-en-la-uci-contemporanea\/#breadcrumb"},"inLanguage":"es","potentialAction":[{"@type":"ReadAction","target":["https:\/\/www.epimedsolutions.com\/es\/materiales_educativos\/que-sabemos-sobre-los-pacientes-en-la-uci-contemporanea\/"]}]},{"@type":"ImageObject","inLanguage":"es","@id":"https:\/\/www.epimedsolutions.com\/es\/materiales_educativos\/que-sabemos-sobre-los-pacientes-en-la-uci-contemporanea\/#primaryimage","url":"https:\/\/www.epimedsolutions.com\/wp-content\/uploads\/2026\/03\/Site-Que-sabemos-sobre-los-pacientes-en-ventilacion-mecanica.png","contentUrl":"https:\/\/www.epimedsolutions.com\/wp-content\/uploads\/2026\/03\/Site-Que-sabemos-sobre-los-pacientes-en-ventilacion-mecanica.png","width":1024,"height":512,"caption":"Site-Que-sabemos-sobre-los-pacientes-en-ventilacion-mecanica.png"},{"@type":"BreadcrumbList","@id":"https:\/\/www.epimedsolutions.com\/es\/materiales_educativos\/que-sabemos-sobre-los-pacientes-en-la-uci-contemporanea\/#breadcrumb","itemListElement":[{"@type":"ListItem","position":1,"name":"In\u00edcio","item":"https:\/\/www.epimedsolutions.com\/es\/"},{"@type":"ListItem","position":2,"name":"Materiales Educativos","item":"https:\/\/www.epimedsolutions.com\/es\/materiales_educativos\/"},{"@type":"ListItem","position":3,"name":"[Art\u00edculo] \u00bfQu\u00e9 sabemos sobre los pacientes en ventilaci\u00f3n mec\u00e1nica en la UCI contempor\u00e1nea?"}]},{"@type":"WebSite","@id":"https:\/\/www.epimedsolutions.com\/es\/#website","url":"https:\/\/www.epimedsolutions.com\/es\/","name":"Epimed Solutions","description":"","publisher":{"@id":"https:\/\/www.epimedsolutions.com\/es\/#organization"},"potentialAction":[{"@type":"SearchAction","target":{"@type":"EntryPoint","urlTemplate":"https:\/\/www.epimedsolutions.com\/es\/?s={search_term_string}"},"query-input":{"@type":"PropertyValueSpecification","valueRequired":true,"valueName":"search_term_string"}}],"inLanguage":"es"},{"@type":"Organization","@id":"https:\/\/www.epimedsolutions.com\/es\/#organization","name":"Epimed Solutions","url":"https:\/\/www.epimedsolutions.com\/es\/","logo":{"@type":"ImageObject","inLanguage":"es","@id":"https:\/\/www.epimedsolutions.com\/es\/#\/schema\/logo\/image\/","url":"https:\/\/epimedsolutions.com\/wp-content\/uploads\/2020\/04\/logo-epimed-1.png","contentUrl":"https:\/\/epimedsolutions.com\/wp-content\/uploads\/2020\/04\/logo-epimed-1.png","width":400,"height":193,"caption":"Epimed Solutions"},"image":{"@id":"https:\/\/www.epimedsolutions.com\/es\/#\/schema\/logo\/image\/"},"sameAs":["https:\/\/www.facebook.com\/epimed\/","https:\/\/x.com\/epimed","https:\/\/www.instagram.com\/epimedsolutions\/","https:\/\/www.youtube.com\/user\/epimedsolutions\/"]}]}},"_links":{"self":[{"href":"https:\/\/www.epimedsolutions.com\/es\/wp-json\/wp\/v2\/material_educativo\/38283","targetHints":{"allow":["GET"]}}],"collection":[{"href":"https:\/\/www.epimedsolutions.com\/es\/wp-json\/wp\/v2\/material_educativo"}],"about":[{"href":"https:\/\/www.epimedsolutions.com\/es\/wp-json\/wp\/v2\/types\/material_educativo"}],"author":[{"embeddable":true,"href":"https:\/\/www.epimedsolutions.com\/es\/wp-json\/wp\/v2\/users\/11"}],"replies":[{"embeddable":true,"href":"https:\/\/www.epimedsolutions.com\/es\/wp-json\/wp\/v2\/comments?post=38283"}],"version-history":[{"count":1,"href":"https:\/\/www.epimedsolutions.com\/es\/wp-json\/wp\/v2\/material_educativo\/38283\/revisions"}],"predecessor-version":[{"id":38297,"href":"https:\/\/www.epimedsolutions.com\/es\/wp-json\/wp\/v2\/material_educativo\/38283\/revisions\/38297"}],"wp:featuredmedia":[{"embeddable":true,"href":"https:\/\/www.epimedsolutions.com\/es\/wp-json\/wp\/v2\/media\/38284"}],"wp:attachment":[{"href":"https:\/\/www.epimedsolutions.com\/es\/wp-json\/wp\/v2\/media?parent=38283"}],"wp:term":[{"taxonomy":"categoria_me","embeddable":true,"href":"https:\/\/www.epimedsolutions.com\/es\/wp-json\/wp\/v2\/categoria_me?post=38283"},{"taxonomy":"tag_me","embeddable":true,"href":"https:\/\/www.epimedsolutions.com\/es\/wp-json\/wp\/v2\/tag_me?post=38283"}],"curies":[{"name":"wp","href":"https:\/\/api.w.org\/{rel}","templated":true}]}}