{"id":10731,"date":"2018-06-11T10:06:02","date_gmt":"2018-06-11T10:06:02","guid":{"rendered":"https:\/\/www.epimedsolutions.com\/team\/"},"modified":"2023-08-15T12:06:18","modified_gmt":"2023-08-15T15:06:18","slug":"team","status":"publish","type":"page","link":"https:\/\/www.epimedsolutions.com\/nl\/team\/","title":{"rendered":"Over Epimed"},"content":{"rendered":"<section class=\"wpb-content-wrapper\"><p>[vc_row][vc_column][vc_empty_space height=&#8221;48px&#8221;][\/vc_column][\/vc_row][vc_row row_content_width=&#8221;grid&#8221; content_text_aligment=&#8221;center&#8221; css=&#8221;.vc_custom_1647953301035{margin-top: -7vw !important;padding-bottom: 40px !important;}&#8221; el_id=&#8221;Quote-sp&#8221;][vc_column width=&#8221;1\/12&#8243; css=&#8221;.vc_custom_1630355038577{padding-bottom: 60px !important;}&#8221;][vc_empty_space][\/vc_column][vc_column width=&#8221;10\/12&#8243;]<div class=\"mkdf-elements-holder   mkdf-one-column  mkdf-responsive-mode-768 \" ><div class=\"mkdf-eh-item    \"  data-item-class=\"mkdf-eh-custom-5309\" data-1367-1600=\"0 15vw\" data-1025-1366=\"0 10vw\" data-769-1024=\"0 5vw\"  >\n\t<div class=\"mkdf-eh-item-inner\">\n\t\t<div class=\"mkdf-eh-item-content mkdf-eh-custom-5309\" style=\"padding: 0 5vw\">\n\t\t\t[vc_column_text css=&#8221;.vc_custom_1660654335743{padding-top: 60px !important;}&#8221;]<\/p>\n<p class=\"quote-epimed\" style=\"text-align: center; color: #0098da;\">Wij zijn van mening dat goed ge\u00efnformeerde gezondheidswerkers betere beslissingen nemen voor pati\u00ebnten, de effici\u00ebntie van ziekenhuizen verhogen en meer waarde cre\u00ebren voor de samenleving.&#8221;<\/p>\n<p>[\/vc_column_text]\t\t<\/div>\n\t<\/div>\n<\/div><\/div>[\/vc_column][vc_column width=&#8221;1\/12&#8243;][vc_empty_space][\/vc_column][\/vc_row][vc_row row_content_width=&#8221;grid&#8221; css=&#8221;.vc_custom_1575650726619{padding-top: 40px !important;}&#8221;][vc_column width=&#8221;1\/2&#8243;][vc_column_text el_class=&#8221;.paragraph_big&#8221; css=&#8221;.vc_custom_1666192604380{margin-right: 45px !important;}&#8221;]<\/p>\n<h4 style=\"margin-top: 0;\">Het Bedrijf<\/h4>\n<p style=\"margin-bottom: 20px;\"><strong style=\"color: #0098da;\">A Epimed Solutions<\/strong> \u00a0is gespecialiseerd in <strong style=\"color: #0098da;\">managementoplossingen voor klinische en epidemiologische informatie,<\/strong> die verbeteringen in de effici\u00ebntie van ziekenhuiszorg en pati\u00ebntveiligheid mogelijk maken.<\/p>\n<p style=\"margin-bottom: 20px;\"><strong style=\"color: #0098da;\">Epimed Solutions is in 2008 opgericht<\/strong>door intensieve zorgartsen met een brede ervaring in risico- en prognostische studies.\u00a0Het is marktleider en is momenteel aanwezig in <strong style=\"color: #0098da;\">\u00a0meer dan 750 ziekenhuizen in Europa en Latijns-Amerika.<\/strong><\/p>\n<p style=\"margin-bottom: 40px;\">Op basis van haar missie en waarden biedt Epimed innovatieve en exclusieve oplossingen die gericht zijn op het verhogen van de <strong style=\"color: #0098da;\"> effici\u00ebntie van ziekenhuizen.<\/strong><\/p>\n<p>[\/vc_column_text][\/vc_column][vc_column width=&#8221;1\/2&#8243;]<div class=\"mkdf-section-title-holder  mkdf-st-standard mkdf-st-title-left mkdf-st-normal-space \" >\n\t<div class=\"mkdf-st-inner\">\n\t\t\t\t\t<h4 class=\"mkdf-st-title\" >\n\t\t\t\tFilosofie\t\t\t<\/h4>\n\t\t\t\t\t<\/div>\n<\/div>[vc_column_text]<\/p>\n<h5>Missie<\/h5>\n<p>De kwaliteit van ziekenhuiszorg verbeteren door middel van klinische en prestatiemanagementoplossingen die de effici\u00ebntie verbeteren en de ziekenhuisresultaten verbeteren.<\/p>\n<h5>Visie<\/h5>\n<p>Het toonaangevende wereldwijde bedrijf zijn in klinische analyse, epidemiologische informatie en medische intelligentie.<\/p>\n<h5>Waarden<\/h5>\n<p>\u2022 Sociale verantwoordelijkheid: bijdragen aan de verbetering van de kwaliteit van de pati\u00ebntenzorg.<br \/>\n\u2022 Innovatie: onze oplossing moet geavanceerde technologie, innovatief, betrouwbaar en state of the art van medische kennis zijn.<br \/>\n\u2022 Samenwerking: onze klanten zijn partners bij het bereiken van onze doelstellingen en het verbeteren van ons werk.<br \/>\n\u2022 Excellence: de bezorgdheid over de ontwikkeling en beroepskwalificatie moet permanent zijn.[\/vc_column_text][\/vc_column][\/vc_row][vc_row row_content_width=&#8221;grid&#8221; css=&#8221;.vc_custom_1575562532476{padding-top: 40px !important;}&#8221;][vc_column width=&#8221;1\/2&#8243; offset=&#8221;vc_col-lg-3 vc_col-md-6 vc_col-xs-12&#8243; el_class=&#8221;popmake-curriculo-carlos-eduardo-reis&#8221;]<div class=\"mkdf-team-holder mkdf-team-info-below-image\">\n\t<div class=\"mkdf-team-inner\" >\n\t\t\t\t\t<div class=\"mkdf-team-image\">\n                <img loading=\"lazy\" decoding=\"async\" width=\"138\" height=\"138\" src=\"https:\/\/www.epimedsolutions.com\/wp-content\/uploads\/2019\/11\/Carlos_Eduardo_Reis.png\" class=\"attachment-full size-full\" alt=\"\" \/>\t\t\t<\/div>\n\t\t\t\t<div class=\"mkdf-team-info\">\n\t\t\t\t\t\t\t<h4 class=\"mkdf-team-name\" >Carlos Eduardo Reis<\/h4>\n\t\t\t\t\t\t\t\t\t\t<h6 class=\"mkdf-team-position\" >MD, MBA \u2013 Chief Executive Officer CEO<\/h6>\n\t\t\t\t\t\t\t\t\t\t\t<\/div>\n\t<\/div>\n<\/div><div class=\"mkdf-accordion-holder mkdf-ac-default accordion-read-more mkdf-toggle mkdf-ac-simple  clearfix\">\n\t<h4 class=\"mkdf-accordion-title\">\n\t<span class=\"mkdf-tab-title\">Curr\u00edculo<\/span>\n    <span class=\"mkdf-accordion-mark\">\n\t\t<span class=\"mkdf_icon_plus icon_plus\"><\/span>\n\t\t<span class=\"mkdf_icon_minus icon_minus-06\"><\/span>\n\t<\/span>\n<\/h4>\n<div class=\"mkdf-accordion-content\">\n\t<div class=\"mkdf-accordion-content-inner\">\n\t\t[vc_column_text css=&#8221;.vc_custom_1578576967481{margin-bottom: 50px !important;}&#8221;]Afgestudeerd in geneeskunde aan de Federale Universiteit van Rio de Janeiro, met residentie in interne geneeskunde en Executive MBA in HealthCare Management van IBMEC. Carlos heeft 20 jaar ervaring in de gezondheidszorg, bij toonaangevende multinationale farmaceutische bedrijven in meer dan 20 landen in Latijns-Amerika, de Verenigde Staten en Europa.<\/p>\n<p>Hij is de oprichter van MedStudents: een portal dat later eMedicine Solutions werd, een leider in medisch onderwijs en online marketing in Latijns-Amerika en Europa. Hij was en is een oprichter en investeerder in andere bedrijven in de gezondheidssector, waaronder Interfisio en InfoSalutis.<\/p>\n<p>In 2008 richtte hij samen met Jorge Salluh en Marcio Soares Epimed Solutions op en als CEO is hij verantwoordelijk voor de leiding van Epimed Solutions.[\/vc_column_text]\t<\/div>\n<\/div><\/div>[\/vc_column][vc_column width=&#8221;1\/2&#8243; offset=&#8221;vc_col-lg-3 vc_col-md-6 vc_col-xs-12&#8243; el_class=&#8221;popmake-curriculo-salluh&#8221;]<div class=\"mkdf-team-holder mkdf-team-info-below-image\">\n\t<div class=\"mkdf-team-inner\" >\n\t\t\t\t\t<div class=\"mkdf-team-image\">\n                <img loading=\"lazy\" decoding=\"async\" width=\"138\" height=\"138\" src=\"https:\/\/www.epimedsolutions.com\/wp-content\/uploads\/2019\/11\/Jorge_Ibrai_-Salluh.png\" class=\"attachment-full size-full\" alt=\"\" \/>\t\t\t<\/div>\n\t\t\t\t<div class=\"mkdf-team-info\">\n\t\t\t\t\t\t\t<h4 class=\"mkdf-team-name\" >Jorge Salluh<\/h4>\n\t\t\t\t\t\t\t\t\t\t<h6 class=\"mkdf-team-position\" >MD, PhD \u2013 CO-FOUNDER AND SCIENTIFIC DIRECTOR<\/h6>\n\t\t\t\t\t\t\t\t\t\t\t<\/div>\n\t<\/div>\n<\/div><div class=\"mkdf-accordion-holder mkdf-ac-default accordion-read-more mkdf-toggle mkdf-ac-simple  clearfix\">\n\t<h4 class=\"mkdf-accordion-title\">\n\t<span class=\"mkdf-tab-title\">Curr\u00edculo<\/span>\n    <span class=\"mkdf-accordion-mark\">\n\t\t<span class=\"mkdf_icon_plus icon_plus\"><\/span>\n\t\t<span class=\"mkdf_icon_minus icon_minus-06\"><\/span>\n\t<\/span>\n<\/h4>\n<div class=\"mkdf-accordion-content\">\n\t<div class=\"mkdf-accordion-content-inner\">\n\t\t[vc_column_text]Afgestudeerd in geneeskunde met expertise in pulmonologie Jorge heeft ook een Master and Doctorate in Clinical Medicine, van de Federale Universiteit van Rio de Janeiro (UFRJ). De Braziliaanse Vereniging voor Intensieve Geneeskunde (AMIB) beschouwt hem als een specialist op de intensive care.<\/p>\n<p>Hij geeft les aan het graduate-programma van het National Cancer Institute en aan UFRJ. Voorafgaand aan zijn rol bij Epimed Solutions was hij de directeur van de intensive care-eenheid van het National Cancer Institute in Rio de Janeiro. Als oprichter van Epimed Solutions is hij verantwoordelijk voor bedrijfsontwikkeling en innovatie.[\/vc_column_text]\t<\/div>\n<\/div><\/div>[\/vc_column][vc_column width=&#8221;1\/2&#8243; offset=&#8221;vc_col-lg-3 vc_col-md-6 vc_col-xs-12&#8243; el_class=&#8221;popmake-curriculo-marcio-soares&#8221;]<div class=\"mkdf-team-holder mkdf-team-info-below-image\">\n\t<div class=\"mkdf-team-inner\" >\n\t\t\t\t\t<div class=\"mkdf-team-image\">\n                <img loading=\"lazy\" decoding=\"async\" width=\"138\" height=\"138\" src=\"https:\/\/www.epimedsolutions.com\/wp-content\/uploads\/2019\/11\/Marcio_Soares.png\" class=\"attachment-full size-full\" alt=\"\" \/>\t\t\t<\/div>\n\t\t\t\t<div class=\"mkdf-team-info\">\n\t\t\t\t\t\t\t<h4 class=\"mkdf-team-name\" >Marcio Soares<\/h4>\n\t\t\t\t\t\t\t\t\t\t<h6 class=\"mkdf-team-position\" >MD, PhD \u2013 Chief Research and Development CRD<\/h6>\n\t\t\t\t\t\t\t\t\t\t\t<\/div>\n\t<\/div>\n<\/div><div class=\"mkdf-accordion-holder mkdf-ac-default accordion-read-more mkdf-toggle mkdf-ac-simple  clearfix\">\n\t<h4 class=\"mkdf-accordion-title\">\n\t<span class=\"mkdf-tab-title\">Curr\u00edculo<\/span>\n    <span class=\"mkdf-accordion-mark\">\n\t\t<span class=\"mkdf_icon_plus icon_plus\"><\/span>\n\t\t<span class=\"mkdf_icon_minus icon_minus-06\"><\/span>\n\t<\/span>\n<\/h4>\n<div class=\"mkdf-accordion-content\">\n\t<div class=\"mkdf-accordion-content-inner\">\n\t\t[vc_column_text css=&#8221;.vc_custom_1578577016952{margin-bottom: 50px !important;}&#8221;]Marcio is afgestudeerd in de geneeskunde en heeft ook een doctoraat in interne geneeskunde van de Federale Universiteit van Rio de Janeiro (UFRJ). De Braziliaanse Vereniging voor Intensieve Geneeskunde (AMIB) beschouwt hem als een specialist op de intensive care.<\/p>\n<p>Met uitgebreide ervaring in klinisch onderzoek en diverse publicaties in ge\u00efndexeerde wetenschappelijke tijdschriften. hij heeft een beurs in de CNPQ en geeft actief les in de Graduate Programs in Clinical Medicine, UFRJ en Oncology aan het National Cancer Institute.<\/p>\n<p>Als oprichter van Epimed Solutions is hij verantwoordelijk voor onderzoek en ontwikkeling, nieuwe technologie en nieuwe oplossingen.[\/vc_column_text]\t<\/div>\n<\/div><\/div>[\/vc_column][vc_column width=&#8221;1\/2&#8243; offset=&#8221;vc_col-lg-3 vc_col-md-6 vc_col-xs-12&#8243; el_class=&#8221;popmake-curriculo-luciana-miguez&#8221;]<div class=\"mkdf-team-holder mkdf-team-info-below-image\">\n\t<div class=\"mkdf-team-inner\" >\n\t\t\t\t\t<div class=\"mkdf-team-image\">\n                <img loading=\"lazy\" decoding=\"async\" width=\"138\" height=\"138\" src=\"https:\/\/www.epimedsolutions.com\/wp-content\/uploads\/2019\/11\/Luciana_Miguez.png\" class=\"attachment-full size-full\" alt=\"\" \/>\t\t\t<\/div>\n\t\t\t\t<div class=\"mkdf-team-info\">\n\t\t\t\t\t\t\t<h4 class=\"mkdf-team-name\" >Luciana Miguez<\/h4>\n\t\t\t\t\t\t\t\t\t\t<h6 class=\"mkdf-team-position\" >MBA, Director of Operations<\/h6>\n\t\t\t\t\t\t\t\t\t\t\t<\/div>\n\t<\/div>\n<\/div><div class=\"mkdf-accordion-holder mkdf-ac-default accordion-read-more mkdf-toggle mkdf-ac-simple  clearfix\">\n\t<h4 class=\"mkdf-accordion-title\">\n\t<span class=\"mkdf-tab-title\">Curr\u00edculo<\/span>\n    <span class=\"mkdf-accordion-mark\">\n\t\t<span class=\"mkdf_icon_plus icon_plus\"><\/span>\n\t\t<span class=\"mkdf_icon_minus icon_minus-06\"><\/span>\n\t<\/span>\n<\/h4>\n<div class=\"mkdf-accordion-content\">\n\t<div class=\"mkdf-accordion-content-inner\">\n\t\t[vc_column_text]Afgestudeerd in sociale communicatie van de Federale Universiteit van Rio de Janeiro, heeft Luciana een specialisatie in Service Marketing en postdoctoraal diploma in Marketing, beide van Funda\u00e7\u00e3o Get\u00falio Vargas (FGV).<\/p>\n<p>Luciana heeft 15 jaar ervaring in de gezondheidszorg binnen farmaceutische industrie\u00ebn in Latijns-Amerika, de VS en Europa. Ze kwam in 2012 bij Epimed Solutions.[\/vc_column_text]\t<\/div>\n<\/div><\/div>[\/vc_column][\/vc_row][vc_row row_content_width=&#8221;grid&#8221;][vc_column width=&#8221;1\/2&#8243; offset=&#8221;vc_col-lg-3 vc_col-md-6 vc_col-xs-12&#8243; el_class=&#8221;popmake-curriculo-marcus-moreira&#8221;]<div class=\"mkdf-team-holder mkdf-team-info-below-image\">\n\t<div class=\"mkdf-team-inner\" >\n\t\t\t\t\t<div class=\"mkdf-team-image\">\n                <img loading=\"lazy\" decoding=\"async\" width=\"138\" height=\"138\" src=\"https:\/\/www.epimedsolutions.com\/wp-content\/uploads\/2019\/11\/Marcus_Moreira.png\" class=\"attachment-full size-full\" alt=\"\" \/>\t\t\t<\/div>\n\t\t\t\t<div class=\"mkdf-team-info\">\n\t\t\t\t\t\t\t<h4 class=\"mkdf-team-name\" >Marcus Moreira<\/h4>\n\t\t\t\t\t\t\t\t\t\t<h6 class=\"mkdf-team-position\" >Chief Financial Officer CFO<\/h6>\n\t\t\t\t\t\t\t\t\t\t\t<\/div>\n\t<\/div>\n<\/div><div class=\"mkdf-accordion-holder mkdf-ac-default accordion-read-more mkdf-toggle mkdf-ac-simple  clearfix\">\n\t<h4 class=\"mkdf-accordion-title\">\n\t<span class=\"mkdf-tab-title\">Curr\u00edculo<\/span>\n    <span class=\"mkdf-accordion-mark\">\n\t\t<span class=\"mkdf_icon_plus icon_plus\"><\/span>\n\t\t<span class=\"mkdf_icon_minus icon_minus-06\"><\/span>\n\t<\/span>\n<\/h4>\n<div class=\"mkdf-accordion-content\">\n\t<div class=\"mkdf-accordion-content-inner\">\n\t\t[vc_column_text]Marcus is afgestudeerd in Business Administration aan de Katholieke Universiteit van Rio de Janeiro en heeft een Post Graduate Diploma \u201cMBA in Marketing\u201d van Funda\u00e7\u00e3o Get\u00falio Vargas (FGV) en een full MBA van de Vanderbilt University in de Verenigde Staten.<\/p>\n<p>Hij heeft 15 jaar ervaring in financi\u00ebn en controle bij multinationale en nationale bedrijven in de gezondheidssector. In 2012 trad hij toe tot Epimed Solutions.[\/vc_column_text]\t<\/div>\n<\/div><\/div>[\/vc_column][vc_column width=&#8221;1\/2&#8243; offset=&#8221;vc_col-lg-3 vc_col-md-6 vc_col-xs-12&#8243; el_class=&#8221;popmake-curriculo-tiago-reimberg&#8221;]<div class=\"mkdf-team-holder mkdf-team-info-below-image\">\n\t<div class=\"mkdf-team-inner\" >\n\t\t\t\t\t<div class=\"mkdf-team-image\">\n                <img loading=\"lazy\" decoding=\"async\" width=\"138\" height=\"138\" src=\"https:\/\/www.epimedsolutions.com\/wp-content\/uploads\/2019\/11\/Tiago_Reimberg.png\" class=\"attachment-full size-full\" alt=\"\" \/>\t\t\t<\/div>\n\t\t\t\t<div class=\"mkdf-team-info\">\n\t\t\t\t\t\t\t<h4 class=\"mkdf-team-name\" >Tiago Reimberg<\/h4>\n\t\t\t\t\t\t\t\t\t\t<h6 class=\"mkdf-team-position\" >COMMERCIEEL DIRECTEUR - LATIJNS AMERIKA<\/h6>\n\t\t\t\t\t\t\t\t\t\t\t<\/div>\n\t<\/div>\n<\/div><div class=\"mkdf-accordion-holder mkdf-ac-default accordion-read-more mkdf-toggle mkdf-ac-simple  clearfix\">\n\t<h4 class=\"mkdf-accordion-title\">\n\t<span class=\"mkdf-tab-title\">Curr\u00edculo<\/span>\n    <span class=\"mkdf-accordion-mark\">\n\t\t<span class=\"mkdf_icon_plus icon_plus\"><\/span>\n\t\t<span class=\"mkdf_icon_minus icon_minus-06\"><\/span>\n\t<\/span>\n<\/h4>\n<div class=\"mkdf-accordion-content\">\n\t<div class=\"mkdf-accordion-content-inner\">\n\t\t[vc_column_text]<span style=\"font-weight: 400;\">Afgestudeerd in Wiskunde en Natuurkunde aan de Universiteit van S\u00e3o Paulo, heeft ruime ervaring in statistieken, gegevensbeheer en prestatie-indicatoren.<\/span><\/p>\n<p><span style=\"font-weight: 400;\">Werkt al meer dan 15 jaar op de ziekenhuismarkt in heel Brazili\u00eb, voor nationale en multinationale bedrijven, als productmanager van indicatormanagementsystemen voor volwassenen, kinderen en neonatale intensive care.<\/span><\/p>\n<p><span style=\"font-weight: 400;\">Bij Epimed Solutions sinds 2014, is hij momenteel commercieel directeur van Epimed Solutions Latijns Amerika.<\/span>[\/vc_column_text]\t<\/div>\n<\/div><\/div>[\/vc_column][vc_column width=&#8221;1\/2&#8243; offset=&#8221;vc_col-lg-3 vc_col-md-6 vc_col-xs-12&#8243; el_class=&#8221;popmake-curriculo-ana-carolina-chiarello&#8221;]<div class=\"mkdf-team-holder mkdf-team-info-below-image\">\n\t<div class=\"mkdf-team-inner\" >\n\t\t\t\t\t<div class=\"mkdf-team-image\">\n                <img loading=\"lazy\" decoding=\"async\" width=\"138\" height=\"138\" src=\"https:\/\/www.epimedsolutions.com\/wp-content\/uploads\/2019\/11\/Ana_Carolina_Chiarello.png\" class=\"attachment-full size-full\" alt=\"\" \/>\t\t\t<\/div>\n\t\t\t\t<div class=\"mkdf-team-info\">\n\t\t\t\t\t\t\t<h4 class=\"mkdf-team-name\" >Ana Carolina Chiarello<\/h4>\n\t\t\t\t\t\t\t\t\t\t<h6 class=\"mkdf-team-position\" >Director of Product Development<\/h6>\n\t\t\t\t\t\t\t\t\t\t\t<\/div>\n\t<\/div>\n<\/div><div class=\"mkdf-accordion-holder mkdf-ac-default accordion-read-more mkdf-toggle mkdf-ac-simple  clearfix\">\n\t<h4 class=\"mkdf-accordion-title\">\n\t<span class=\"mkdf-tab-title\">Curr\u00edculo<\/span>\n    <span class=\"mkdf-accordion-mark\">\n\t\t<span class=\"mkdf_icon_plus icon_plus\"><\/span>\n\t\t<span class=\"mkdf_icon_minus icon_minus-06\"><\/span>\n\t<\/span>\n<\/h4>\n<div class=\"mkdf-accordion-content\">\n\t<div class=\"mkdf-accordion-content-inner\">\n\t\t[vc_column_text]Ze is afgestudeerd in de verpleegkunde van de Federale Universiteit van Rio de Janeiro (UFRJ) en heeft een specialisatie in Intensive Care en een MBA in Advanced Healthcare Services Management van het S\u00e3o Camilo University Center en een MBA in Project Management van FGV.<\/p>\n<p>Ervaring van 16 jaar op het gebied van Intensive Care.<\/p>\n<p>Sinds 2006 werkt ze als verpleegster op de Intensive Care Unit van het National Institute of Traumatology and Orthopedics.<\/p>\n<p>Ze werkt sinds maart 2011 bij Epimed en bekleedt momenteel de functie van Director of Product Development.[\/vc_column_text]\t<\/div>\n<\/div><\/div>[\/vc_column][vc_column width=&#8221;1\/2&#8243; offset=&#8221;vc_col-lg-3 vc_col-md-6 vc_col-xs-12&#8243; el_class=&#8221;popmake-curriculo-renata-bujokas&#8221;]<div class=\"mkdf-team-holder mkdf-team-info-below-image\">\n\t<div class=\"mkdf-team-inner\" >\n\t\t\t\t\t<div class=\"mkdf-team-image\">\n                <img loading=\"lazy\" decoding=\"async\" width=\"138\" height=\"138\" src=\"https:\/\/www.epimedsolutions.com\/wp-content\/uploads\/2019\/11\/Renata_Bujokas.png\" class=\"attachment-full size-full\" alt=\"\" \/>\t\t\t<\/div>\n\t\t\t\t<div class=\"mkdf-team-info\">\n\t\t\t\t\t\t\t<h4 class=\"mkdf-team-name\" >Renata Bujokas<\/h4>\n\t\t\t\t\t\t\t\t\t\t<h6 class=\"mkdf-team-position\" >Internationaal directeur<\/h6>\n\t\t\t\t\t\t\t\t\t\t\t<\/div>\n\t<\/div>\n<\/div><div class=\"mkdf-accordion-holder mkdf-ac-default accordion-read-more mkdf-toggle mkdf-ac-simple  clearfix\">\n\t<h4 class=\"mkdf-accordion-title\">\n\t<span class=\"mkdf-tab-title\">Curr\u00edculo<\/span>\n    <span class=\"mkdf-accordion-mark\">\n\t\t<span class=\"mkdf_icon_plus icon_plus\"><\/span>\n\t\t<span class=\"mkdf_icon_minus icon_minus-06\"><\/span>\n\t<\/span>\n<\/h4>\n<div class=\"mkdf-accordion-content\">\n\t<div class=\"mkdf-accordion-content-inner\">\n\t\t[vc_column_text]Afgestudeerd in fysiotherapie van PUC-PR, heeft ze een specialisatie in Intensive Care van FIOCRUZ. Ervaring van 15 jaar op het gebied van Intensive Care, met ervaring in gereputeerde ziekenhuizen in Rio de Janeiro, zoals HEMORIO, IPEC en het Braziliaanse National Cancer Institute \u2013 INCA-HCI.<\/p>\n<p>Ze werkt sinds 2009 bij Epimed Solutions. Ze begon dit jaar als Regional Sales Manager van RJ \/ ES en in 2015 bekleedde ze de Commercial Management-functie van het bedrijf, dit deed ze 2 jaar.<\/p>\n<p>In 2017 neemt ze de functie van Country Manager in Belgi\u00eb op zich.[\/vc_column_text]\t<\/div>\n<\/div><\/div>[\/vc_column][\/vc_row][vc_row row_content_width=&#8221;grid&#8221;][vc_column width=&#8221;1\/2&#8243; offset=&#8221;vc_col-lg-3 vc_col-md-6 vc_col-xs-12&#8243; el_class=&#8221;popmake-curriculo-maira-freire&#8221;]<div class=\"mkdf-team-holder mkdf-team-info-below-image\">\n\t<div class=\"mkdf-team-inner\" >\n\t\t\t\t\t<div class=\"mkdf-team-image\">\n                <img loading=\"lazy\" decoding=\"async\" width=\"138\" height=\"138\" src=\"https:\/\/www.epimedsolutions.com\/wp-content\/uploads\/2022\/11\/img-maira_freire-1.png\" class=\"attachment-full size-full\" alt=\"\" \/>\t\t\t<\/div>\n\t\t\t\t<div class=\"mkdf-team-info\">\n\t\t\t\t\t\t\t<h4 class=\"mkdf-team-name\" >Ma\u00edra Freire<\/h4>\n\t\t\t\t\t\t\t\t\t\t<h6 class=\"mkdf-team-position\" >Commercieel directeur Brazili\u00eb.<\/h6>\n\t\t\t\t\t\t\t\t\t\t\t<\/div>\n\t<\/div>\n<\/div><div class=\"mkdf-accordion-holder mkdf-ac-default accordion-read-more mkdf-toggle mkdf-ac-simple  clearfix\">\n\t<h4 class=\"mkdf-accordion-title\">\n\t<span class=\"mkdf-tab-title\">Curr\u00edculo<\/span>\n    <span class=\"mkdf-accordion-mark\">\n\t\t<span class=\"mkdf_icon_plus icon_plus\"><\/span>\n\t\t<span class=\"mkdf_icon_minus icon_minus-06\"><\/span>\n\t<\/span>\n<\/h4>\n<div class=\"mkdf-accordion-content\">\n\t<div class=\"mkdf-accordion-content-inner\">\n\t\t[vc_column_text]Heeft Nursing gestudeerd aan Universidade Federal do Rio de Janeiro (UFRJ), heeft een specialisatie in intensive care van INC, een MBA in Project Management van FGV en een MBA in Business Management van IBMEC.<\/p>\n<p>Begonnen bij Epimed in 2014 als Product Development Analyst, doorgegroeid naar Commercieel Manager van de Noord- en Noordoost-regio&#8217;s en vervolgens, na drie jaar in het verkoopgebied, Project Manager voor Brazili\u00eb geworden.<\/p>\n<p>In juli 2022 werd ze commercieel directeur van Hospital Networks en in augustus 2023 commercieel directeur van Brazili\u00eb.[\/vc_column_text]\t<\/div>\n<\/div><\/div>[\/vc_column][vc_column width=&#8221;1\/2&#8243; offset=&#8221;vc_col-lg-3 vc_col-md-6 vc_col-xs-12&#8243; el_class=&#8221;popmake-curriculo-debora-igreja&#8221;]<div class=\"mkdf-team-holder mkdf-team-info-below-image\">\n\t<div class=\"mkdf-team-inner\" >\n\t\t\t\t\t<div class=\"mkdf-team-image\">\n                <img loading=\"lazy\" decoding=\"async\" width=\"138\" height=\"138\" src=\"https:\/\/www.epimedsolutions.com\/wp-content\/uploads\/2022\/11\/img-debora_igreja-2.png\" class=\"attachment-full size-full\" alt=\"\" \/>\t\t\t<\/div>\n\t\t\t\t<div class=\"mkdf-team-info\">\n\t\t\t\t\t\t\t<h4 class=\"mkdf-team-name\" >D\u00e9bora Igreja<\/h4>\n\t\t\t\t\t\t\t\t\t\t<h6 class=\"mkdf-team-position\" >Directrice Personeelszaken<\/h6>\n\t\t\t\t\t\t\t\t\t\t\t<\/div>\n\t<\/div>\n<\/div><div class=\"mkdf-accordion-holder mkdf-ac-default accordion-read-more mkdf-toggle mkdf-ac-simple  clearfix\">\n\t<h4 class=\"mkdf-accordion-title\">\n\t<span class=\"mkdf-tab-title\">Curr\u00edculo<\/span>\n    <span class=\"mkdf-accordion-mark\">\n\t\t<span class=\"mkdf_icon_plus icon_plus\"><\/span>\n\t\t<span class=\"mkdf_icon_minus icon_minus-06\"><\/span>\n\t<\/span>\n<\/h4>\n<div class=\"mkdf-accordion-content\">\n\t<div class=\"mkdf-accordion-content-inner\">\n\t\t[vc_column_text]Afgestudeerd in Production Engineering aan de Fluminense Federale Universiteit, met een MBA in Olie en Aardgas van de Federale Universiteit van Rio de Janeiro. Heeft meer dan 25 jaar ervaring en specialisatie in de verschillende Personeelszaken-subsystemen, bij grote multinationale bedrijven in de olie-, telecommunicatie- en technologiegebieden, in het ondersteunen van projecten voor de globalisering van diensten, fusies van bedrijven en organisatieveranderingsbeheer.[\/vc_column_text]\t<\/div>\n<\/div><\/div>[\/vc_column][vc_column width=&#8221;1\/2&#8243; offset=&#8221;vc_col-lg-3 vc_col-md-6 vc_col-xs-12&#8243; el_class=&#8221;popmake-curriculo-guilherme-cortes&#8221;]<div class=\"mkdf-team-holder mkdf-team-info-below-image\">\n\t<div class=\"mkdf-team-inner\" >\n\t\t\t\t\t<div class=\"mkdf-team-image\">\n                <img loading=\"lazy\" decoding=\"async\" width=\"138\" height=\"138\" src=\"https:\/\/www.epimedsolutions.com\/wp-content\/uploads\/2022\/11\/img-guilherme_cortes.png\" class=\"attachment-full size-full\" alt=\"\" \/>\t\t\t<\/div>\n\t\t\t\t<div class=\"mkdf-team-info\">\n\t\t\t\t\t\t\t<h4 class=\"mkdf-team-name\" >Guilherme C\u00f4rtes<\/h4>\n\t\t\t\t\t\t\t\t\t\t<h6 class=\"mkdf-team-position\" >MD, PHD - Global Market Access Director<\/h6>\n\t\t\t\t\t\t\t\t\t\t\t<\/div>\n\t<\/div>\n<\/div><div class=\"mkdf-accordion-holder mkdf-ac-default accordion-read-more mkdf-toggle mkdf-ac-simple  clearfix\">\n\t<h4 class=\"mkdf-accordion-title\">\n\t<span class=\"mkdf-tab-title\">Curr\u00edculo<\/span>\n    <span class=\"mkdf-accordion-mark\">\n\t\t<span class=\"mkdf_icon_plus icon_plus\"><\/span>\n\t\t<span class=\"mkdf_icon_minus icon_minus-06\"><\/span>\n\t<\/span>\n<\/h4>\n<div class=\"mkdf-accordion-content\">\n\t<div class=\"mkdf-accordion-content-inner\">\n\t\t[vc_column_text]Guilherme behaalde zijn graad in Geneeskunde en een residentie in Infectieziekten aan de Federale Universiteit van Rio de Janeiro en zijn Master in Science en PhD in Volksgezondheid aan de S\u00e9rgio Arouca Nationale School van Volksgezondheid van de Oswaldo Cruz Stichting, met een opleiding in Epidemiologie aan de Johns Hopkins University en in Global Health aan de Harvard University. Heeft cursussen Big Data, Social Analytics en AI in Healthcare gevolgd aan het Massachusetts Institute of Technology en Operations Management Digital Strategy aan de Northwestern University.<\/p>\n<p>Met uitgebreide ervaring in onderwijs en klinische ziekenhuiszorg, heeft hij de afgelopen 20 jaar deelgenomen aan epidemiologisch onderzoek met publicaties in peer-reviewed tijdschriften en opleidingsprojecten in achtergestelde regio&#8217;s en landen. Is mede-oprichter van het riscobiologico.org-project. Meer recentelijk heeft hij zich gericht op het leiden van strategische planningsprojecten, de organisatie van het gezondheidssysteem en inspanningen op het gebied van zorgbeheer.[\/vc_column_text]\t<\/div>\n<\/div><\/div>[\/vc_column][vc_column width=&#8221;1\/2&#8243; offset=&#8221;vc_col-lg-3 vc_col-md-6 vc_col-xs-12&#8243; el_class=&#8221;popmake-curriculo-stephanie-schemes&#8221;]<div class=\"mkdf-team-holder mkdf-team-info-below-image\">\n\t<div class=\"mkdf-team-inner\" >\n\t\t\t\t\t<div class=\"mkdf-team-image\">\n                <img loading=\"lazy\" decoding=\"async\" width=\"138\" height=\"138\" src=\"https:\/\/www.epimedsolutions.com\/wp-content\/uploads\/2022\/11\/img-stephanie_schemes.png\" class=\"attachment-full size-full\" alt=\"\" \/>\t\t\t<\/div>\n\t\t\t\t<div class=\"mkdf-team-info\">\n\t\t\t\t\t\t\t<h4 class=\"mkdf-team-name\" >Stephanie Schemes<\/h4>\n\t\t\t\t\t\t\t\t\t\t<h6 class=\"mkdf-team-position\" >Legal Compliance Manager en Gegevensbeschermingsambtenares<\/h6>\n\t\t\t\t\t\t\t\t\t\t\t<\/div>\n\t<\/div>\n<\/div><div class=\"mkdf-accordion-holder mkdf-ac-default accordion-read-more mkdf-toggle mkdf-ac-simple  clearfix\">\n\t<h4 class=\"mkdf-accordion-title\">\n\t<span class=\"mkdf-tab-title\">Curr\u00edculo<\/span>\n    <span class=\"mkdf-accordion-mark\">\n\t\t<span class=\"mkdf_icon_plus icon_plus\"><\/span>\n\t\t<span class=\"mkdf_icon_minus icon_minus-06\"><\/span>\n\t<\/span>\n<\/h4>\n<div class=\"mkdf-accordion-content\">\n\t<div class=\"mkdf-accordion-content-inner\">\n\t\t[vc_column_text]Advocate, is in 2018 aan PUC-Rio afgestudeerd, met nadruk in Recht, Staat en Maatschappij. Specialisaties in Financi\u00ebn voor Advocaten aan COPPEAD-UFRJ (2019) en Recht, Innovatie en Technologie aan FGV (2022-2023).<\/p>\n<p>Aanzienlijke ervaring in het structureren van programma&#8217;s en compliancebeleid. Heeft deelgenomen aan tal van bedrijfsonderzoeken, het opmaken van verslagen, rapporten aan gedragscommissies, trainings en acties van interne communicatie, naast het structureren van privacyprogramma&#8217;s om te voldoen aan de Algemene Wet op Gegevensbescherming (Wet 13.708\/2018) en de General Data Protection Regulation (GDPR).[\/vc_column_text]\t<\/div>\n<\/div><\/div>[\/vc_column][\/vc_row][vc_row row_content_width=&#8221;grid&#8221;][vc_column width=&#8221;1\/2&#8243; offset=&#8221;vc_col-lg-3 vc_col-md-6 vc_col-xs-12&#8243; el_class=&#8221;popmake-curriculo-lucas-garcia&#8221;]<div class=\"mkdf-team-holder mkdf-team-info-below-image\">\n\t<div class=\"mkdf-team-inner\" >\n\t\t\t\t\t<div class=\"mkdf-team-image\">\n                <img loading=\"lazy\" decoding=\"async\" width=\"138\" height=\"138\" src=\"https:\/\/www.epimedsolutions.com\/wp-content\/uploads\/2022\/11\/img-lucas_garcia.png\" class=\"attachment-full size-full\" alt=\"\" \/>\t\t\t<\/div>\n\t\t\t\t<div class=\"mkdf-team-info\">\n\t\t\t\t\t\t\t<h4 class=\"mkdf-team-name\" >Lucas Garcia<\/h4>\n\t\t\t\t\t\t\t\t\t\t<h6 class=\"mkdf-team-position\" >Directeur Klantenservice<\/h6>\n\t\t\t\t\t\t\t\t\t\t\t<\/div>\n\t<\/div>\n<\/div><div class=\"mkdf-accordion-holder mkdf-ac-default accordion-read-more mkdf-toggle mkdf-ac-simple  clearfix\">\n\t<h4 class=\"mkdf-accordion-title\">\n\t<span class=\"mkdf-tab-title\">Curr\u00edculo<\/span>\n    <span class=\"mkdf-accordion-mark\">\n\t\t<span class=\"mkdf_icon_plus icon_plus\"><\/span>\n\t\t<span class=\"mkdf_icon_minus icon_minus-06\"><\/span>\n\t<\/span>\n<\/h4>\n<div class=\"mkdf-accordion-content\">\n\t<div class=\"mkdf-accordion-content-inner\">\n\t\t[vc_column_text]Bestuurslid gezondheidszorg, verpleegkundige, onderzoeker en hoogleraar. Lucas heeft een master en doctoraat in gezondheidszorgwetenschappen van de Federale Universiteit van Rio de Janeiro (UFF), een MBA in kwaliteitsmanagement van het Hospital Israelita Albert Einstein, een specialisatiegraad in Intensievezorg en Oncologie van de Staatsuniversiteit van Rio de Janeiro (UERJ), en een specialisatiegraad in ziekenhuisaccreditatie van de Nationale Accreditatieorganisatie (ONA). Hij heeft expertise en gedegen ervaring in klinisch management, gezondheidsprestaties, zorgpraktijken en pati\u00ebntveiligheid, en hij heeft meer dan tien jaar gewerkt met gezondheidsmanagement, implementatie en beoordeling van kwaliteit, risicobeheer, en analyse en onderzoek van ongewenste voorvallen.[\/vc_column_text]\t<\/div>\n<\/div><\/div>[\/vc_column][vc_column width=&#8221;1\/2&#8243; offset=&#8221;vc_col-lg-3 vc_col-md-6 vc_col-xs-12&#8243; el_class=&#8221;popmake-curriculo-debora-igreja&#8221;][\/vc_column][vc_column width=&#8221;1\/2&#8243; offset=&#8221;vc_col-lg-3 vc_col-md-6 vc_col-xs-12&#8243; el_class=&#8221;popmake-curriculo-guilherme-cortes&#8221;][\/vc_column][vc_column width=&#8221;1\/2&#8243; offset=&#8221;vc_col-lg-3 vc_col-md-6 vc_col-xs-12&#8243; el_class=&#8221;popmake-curriculo-stephanie-schemes&#8221;][\/vc_column][\/vc_row]<\/p>\n<\/section>","protected":false},"excerpt":{"rendered":"<p>[vc_row][vc_column][vc_empty_space height=&#8221;48px&#8221;][\/vc_column][\/vc_row][vc_row row_content_width=&#8221;grid&#8221; content_text_aligment=&#8221;center&#8221; css=&#8221;.vc_custom_1647953301035{margin-top: -7vw !important;padding-bottom: 40px !important;}&#8221; el_id=&#8221;Quote-sp&#8221;][vc_column width=&#8221;1\/12&#8243; css=&#8221;.vc_custom_1630355038577{padding-bottom: 60px !important;}&#8221;][vc_empty_space][\/vc_column][vc_column width=&#8221;10\/12&#8243;][\/vc_column][vc_column width=&#8221;1\/12&#8243;][vc_empty_space][\/vc_column][\/vc_row][vc_row row_content_width=&#8221;grid&#8221; css=&#8221;.vc_custom_1575650726619{padding-top: 40px !important;}&#8221;][vc_column width=&#8221;1\/2&#8243;][vc_column_text el_class=&#8221;.paragraph_big&#8221; css=&#8221;.vc_custom_1666192604380{margin-right: 45px !important;}&#8221;] Het Bedrijf A Epimed Solutions \u00a0is gespecialiseerd in managementoplossingen voor klinische en epidemiologische informatie, die [&hellip;]<\/p>\n","protected":false},"author":1,"featured_media":0,"parent":0,"menu_order":0,"comment_status":"closed","ping_status":"closed","template":"full-width.php","meta":{"_acf_changed":false,"footnotes":""},"class_list":["post-10731","page","type-page","status-publish","hentry"],"acf":[],"yoast_head":"<!-- This site is optimized with the Yoast SEO plugin v27.2 - https:\/\/yoast.com\/product\/yoast-seo-wordpress\/ -->\r\n<title>Over Epimed - Epimed Solutions<\/title>\r\n<meta name=\"robots\" content=\"index, follow, max-snippet:-1, max-image-preview:large, max-video-preview:-1\" \/>\r\n<link rel=\"canonical\" href=\"https:\/\/www.epimedsolutions.com\/nl\/team\/\" \/>\r\n<meta property=\"og:locale\" content=\"nl_NL\" \/>\r\n<meta property=\"og:type\" content=\"article\" \/>\r\n<meta property=\"og:title\" content=\"Over Epimed - Epimed Solutions\" \/>\r\n<meta property=\"og:description\" content=\"[vc_row][vc_column][vc_empty_space height=&#8221;48px&#8221;][\/vc_column][\/vc_row][vc_row row_content_width=&#8221;grid&#8221; content_text_aligment=&#8221;center&#8221; css=&#8221;.vc_custom_1647953301035{margin-top: -7vw !important;padding-bottom: 40px !important;}&#8221; el_id=&#8221;Quote-sp&#8221;][vc_column width=&#8221;1\/12&#8243; css=&#8221;.vc_custom_1630355038577{padding-bottom: 60px !important;}&#8221;][vc_empty_space][\/vc_column][vc_column width=&#8221;10\/12&#8243;][\/vc_column][vc_column width=&#8221;1\/12&#8243;][vc_empty_space][\/vc_column][\/vc_row][vc_row row_content_width=&#8221;grid&#8221; css=&#8221;.vc_custom_1575650726619{padding-top: 40px !important;}&#8221;][vc_column width=&#8221;1\/2&#8243;][vc_column_text el_class=&#8221;.paragraph_big&#8221; css=&#8221;.vc_custom_1666192604380{margin-right: 45px !important;}&#8221;] Het Bedrijf A Epimed Solutions \u00a0is gespecialiseerd in managementoplossingen voor klinische en epidemiologische informatie, die [&hellip;]\" \/>\r\n<meta property=\"og:url\" content=\"https:\/\/www.epimedsolutions.com\/nl\/team\/\" \/>\r\n<meta property=\"og:site_name\" content=\"Epimed Solutions\" \/>\r\n<meta property=\"article:publisher\" content=\"https:\/\/www.facebook.com\/epimed\/\" \/>\r\n<meta property=\"article:modified_time\" content=\"2023-08-15T15:06:18+00:00\" \/>\r\n<meta name=\"twitter:card\" content=\"summary_large_image\" \/>\r\n<meta name=\"twitter:site\" content=\"@epimed\" \/>\r\n<meta name=\"twitter:label1\" content=\"Geschatte leestijd\" \/>\n\t<meta name=\"twitter:data1\" content=\"10 minuten\" \/>\r\n<script type=\"application\/ld+json\" class=\"yoast-schema-graph\">{\"@context\":\"https:\/\/schema.org\",\"@graph\":[{\"@type\":\"WebPage\",\"@id\":\"https:\/\/www.epimedsolutions.com\/nl\/team\/\",\"url\":\"https:\/\/www.epimedsolutions.com\/nl\/team\/\",\"name\":\"Over Epimed - Epimed Solutions\",\"isPartOf\":{\"@id\":\"https:\/\/www.epimedsolutions.com\/nl\/#website\"},\"datePublished\":\"2018-06-11T10:06:02+00:00\",\"dateModified\":\"2023-08-15T15:06:18+00:00\",\"breadcrumb\":{\"@id\":\"https:\/\/www.epimedsolutions.com\/nl\/team\/#breadcrumb\"},\"inLanguage\":\"nl-NL\",\"potentialAction\":[{\"@type\":\"ReadAction\",\"target\":[\"https:\/\/www.epimedsolutions.com\/nl\/team\/\"]}]},{\"@type\":\"BreadcrumbList\",\"@id\":\"https:\/\/www.epimedsolutions.com\/nl\/team\/#breadcrumb\",\"itemListElement\":[{\"@type\":\"ListItem\",\"position\":1,\"name\":\"In\u00edcio\",\"item\":\"https:\/\/www.epimedsolutions.com\/nl\/\"},{\"@type\":\"ListItem\",\"position\":2,\"name\":\"Over Epimed\"}]},{\"@type\":\"WebSite\",\"@id\":\"https:\/\/www.epimedsolutions.com\/nl\/#website\",\"url\":\"https:\/\/www.epimedsolutions.com\/nl\/\",\"name\":\"Epimed Solutions\",\"description\":\"\",\"publisher\":{\"@id\":\"https:\/\/www.epimedsolutions.com\/nl\/#organization\"},\"potentialAction\":[{\"@type\":\"SearchAction\",\"target\":{\"@type\":\"EntryPoint\",\"urlTemplate\":\"https:\/\/www.epimedsolutions.com\/nl\/?s={search_term_string}\"},\"query-input\":{\"@type\":\"PropertyValueSpecification\",\"valueRequired\":true,\"valueName\":\"search_term_string\"}}],\"inLanguage\":\"nl-NL\"},{\"@type\":\"Organization\",\"@id\":\"https:\/\/www.epimedsolutions.com\/nl\/#organization\",\"name\":\"Epimed Solutions\",\"url\":\"https:\/\/www.epimedsolutions.com\/nl\/\",\"logo\":{\"@type\":\"ImageObject\",\"inLanguage\":\"nl-NL\",\"@id\":\"https:\/\/www.epimedsolutions.com\/nl\/#\/schema\/logo\/image\/\",\"url\":\"https:\/\/epimedsolutions.com\/wp-content\/uploads\/2020\/04\/logo-epimed-1.png\",\"contentUrl\":\"https:\/\/epimedsolutions.com\/wp-content\/uploads\/2020\/04\/logo-epimed-1.png\",\"width\":400,\"height\":193,\"caption\":\"Epimed Solutions\"},\"image\":{\"@id\":\"https:\/\/www.epimedsolutions.com\/nl\/#\/schema\/logo\/image\/\"},\"sameAs\":[\"https:\/\/www.facebook.com\/epimed\/\",\"https:\/\/x.com\/epimed\",\"https:\/\/www.instagram.com\/epimedsolutions\/\",\"https:\/\/www.youtube.com\/user\/epimedsolutions\/\"]}]}<\/script>\r\n<!-- \/ Yoast SEO plugin. -->","yoast_head_json":{"title":"Over Epimed - Epimed Solutions","robots":{"index":"index","follow":"follow","max-snippet":"max-snippet:-1","max-image-preview":"max-image-preview:large","max-video-preview":"max-video-preview:-1"},"canonical":"https:\/\/www.epimedsolutions.com\/nl\/team\/","og_locale":"nl_NL","og_type":"article","og_title":"Over Epimed - Epimed Solutions","og_description":"[vc_row][vc_column][vc_empty_space height=&#8221;48px&#8221;][\/vc_column][\/vc_row][vc_row row_content_width=&#8221;grid&#8221; content_text_aligment=&#8221;center&#8221; css=&#8221;.vc_custom_1647953301035{margin-top: -7vw !important;padding-bottom: 40px !important;}&#8221; el_id=&#8221;Quote-sp&#8221;][vc_column width=&#8221;1\/12&#8243; css=&#8221;.vc_custom_1630355038577{padding-bottom: 60px !important;}&#8221;][vc_empty_space][\/vc_column][vc_column width=&#8221;10\/12&#8243;][\/vc_column][vc_column width=&#8221;1\/12&#8243;][vc_empty_space][\/vc_column][\/vc_row][vc_row row_content_width=&#8221;grid&#8221; css=&#8221;.vc_custom_1575650726619{padding-top: 40px !important;}&#8221;][vc_column width=&#8221;1\/2&#8243;][vc_column_text el_class=&#8221;.paragraph_big&#8221; css=&#8221;.vc_custom_1666192604380{margin-right: 45px !important;}&#8221;] Het Bedrijf A Epimed Solutions \u00a0is gespecialiseerd in managementoplossingen voor klinische en epidemiologische informatie, die [&hellip;]","og_url":"https:\/\/www.epimedsolutions.com\/nl\/team\/","og_site_name":"Epimed Solutions","article_publisher":"https:\/\/www.facebook.com\/epimed\/","article_modified_time":"2023-08-15T15:06:18+00:00","twitter_card":"summary_large_image","twitter_site":"@epimed","twitter_misc":{"Geschatte leestijd":"10 minuten"},"schema":{"@context":"https:\/\/schema.org","@graph":[{"@type":"WebPage","@id":"https:\/\/www.epimedsolutions.com\/nl\/team\/","url":"https:\/\/www.epimedsolutions.com\/nl\/team\/","name":"Over Epimed - Epimed Solutions","isPartOf":{"@id":"https:\/\/www.epimedsolutions.com\/nl\/#website"},"datePublished":"2018-06-11T10:06:02+00:00","dateModified":"2023-08-15T15:06:18+00:00","breadcrumb":{"@id":"https:\/\/www.epimedsolutions.com\/nl\/team\/#breadcrumb"},"inLanguage":"nl-NL","potentialAction":[{"@type":"ReadAction","target":["https:\/\/www.epimedsolutions.com\/nl\/team\/"]}]},{"@type":"BreadcrumbList","@id":"https:\/\/www.epimedsolutions.com\/nl\/team\/#breadcrumb","itemListElement":[{"@type":"ListItem","position":1,"name":"In\u00edcio","item":"https:\/\/www.epimedsolutions.com\/nl\/"},{"@type":"ListItem","position":2,"name":"Over Epimed"}]},{"@type":"WebSite","@id":"https:\/\/www.epimedsolutions.com\/nl\/#website","url":"https:\/\/www.epimedsolutions.com\/nl\/","name":"Epimed Solutions","description":"","publisher":{"@id":"https:\/\/www.epimedsolutions.com\/nl\/#organization"},"potentialAction":[{"@type":"SearchAction","target":{"@type":"EntryPoint","urlTemplate":"https:\/\/www.epimedsolutions.com\/nl\/?s={search_term_string}"},"query-input":{"@type":"PropertyValueSpecification","valueRequired":true,"valueName":"search_term_string"}}],"inLanguage":"nl-NL"},{"@type":"Organization","@id":"https:\/\/www.epimedsolutions.com\/nl\/#organization","name":"Epimed Solutions","url":"https:\/\/www.epimedsolutions.com\/nl\/","logo":{"@type":"ImageObject","inLanguage":"nl-NL","@id":"https:\/\/www.epimedsolutions.com\/nl\/#\/schema\/logo\/image\/","url":"https:\/\/epimedsolutions.com\/wp-content\/uploads\/2020\/04\/logo-epimed-1.png","contentUrl":"https:\/\/epimedsolutions.com\/wp-content\/uploads\/2020\/04\/logo-epimed-1.png","width":400,"height":193,"caption":"Epimed Solutions"},"image":{"@id":"https:\/\/www.epimedsolutions.com\/nl\/#\/schema\/logo\/image\/"},"sameAs":["https:\/\/www.facebook.com\/epimed\/","https:\/\/x.com\/epimed","https:\/\/www.instagram.com\/epimedsolutions\/","https:\/\/www.youtube.com\/user\/epimedsolutions\/"]}]}},"_links":{"self":[{"href":"https:\/\/www.epimedsolutions.com\/nl\/wp-json\/wp\/v2\/pages\/10731","targetHints":{"allow":["GET"]}}],"collection":[{"href":"https:\/\/www.epimedsolutions.com\/nl\/wp-json\/wp\/v2\/pages"}],"about":[{"href":"https:\/\/www.epimedsolutions.com\/nl\/wp-json\/wp\/v2\/types\/page"}],"author":[{"embeddable":true,"href":"https:\/\/www.epimedsolutions.com\/nl\/wp-json\/wp\/v2\/users\/1"}],"replies":[{"embeddable":true,"href":"https:\/\/www.epimedsolutions.com\/nl\/wp-json\/wp\/v2\/comments?post=10731"}],"version-history":[{"count":0,"href":"https:\/\/www.epimedsolutions.com\/nl\/wp-json\/wp\/v2\/pages\/10731\/revisions"}],"wp:attachment":[{"href":"https:\/\/www.epimedsolutions.com\/nl\/wp-json\/wp\/v2\/media?parent=10731"}],"curies":[{"name":"wp","href":"https:\/\/api.w.org\/{rel}","templated":true}]}}